{"id":500,"date":"2020-02-10T12:01:05","date_gmt":"2020-02-10T11:01:05","guid":{"rendered":"http:\/\/www.compostelle-mayenne.fr\/?page_id=500"},"modified":"2026-04-01T16:02:50","modified_gmt":"2026-04-01T14:02:50","slug":"rejoindre-son-grand-chemin-depuis-la-mayenne","status":"publish","type":"page","link":"https:\/\/www.compostelle-mayenne.fr\/index.php\/rejoindre-son-grand-chemin-depuis-la-mayenne\/","title":{"rendered":"Rejoindre son Grand Chemin depuis la Mayenne"},"content":{"rendered":"\t\t<div data-elementor-type=\"wp-page\" data-elementor-id=\"500\" class=\"elementor elementor-500\" data-elementor-settings=\"[]\">\n\t\t\t<div class=\"elementor-inner\">\n\t\t\t\t<div class=\"elementor-section-wrap\">\n\t\t\t\t\t\t\t<section class=\"elementor-element elementor-element-72490b2 elementor-section-stretched elementor-section-boxed elementor-section-height-default elementor-section-height-default elementor-section elementor-top-section\" data-id=\"72490b2\" data-element_type=\"section\" data-settings=\"{&quot;stretch_section&quot;:&quot;section-stretched&quot;}\">\n\t\t\t\t\t\t<div class=\"elementor-container elementor-column-gap-default\">\n\t\t\t\t<div class=\"elementor-row\">\n\t\t\t\t<div class=\"elementor-element elementor-element-08fc724 elementor-column elementor-col-33 elementor-top-column\" data-id=\"08fc724\" data-element_type=\"column\">\n\t\t\t<div class=\"elementor-column-wrap\">\n\t\t\t\t\t<div class=\"elementor-widget-wrap\">\n\t\t\t\t\t\t<\/div>\n\t\t\t<\/div>\n\t\t<\/div>\n\t\t\t\t<div class=\"elementor-element elementor-element-473e06b elementor-column elementor-col-33 elementor-top-column\" data-id=\"473e06b\" data-element_type=\"column\">\n\t\t\t<div class=\"elementor-column-wrap  elementor-element-populated\">\n\t\t\t\t\t<div class=\"elementor-widget-wrap\">\n\t\t\t\t<div class=\"elementor-element elementor-element-c762fb1 elementor-widget elementor-widget-text-editor\" data-id=\"c762fb1\" data-element_type=\"widget\" data-widget_type=\"text-editor.default\">\n\t\t\t\t<div class=\"elementor-widget-container\">\n\t\t\t\t\t<div class=\"elementor-text-editor elementor-clearfix\"><h4><strong>Parfait ! Votre choix est fait. Maintenant trouvez le chemin qui passe pr\u00e8s de chez vous&#8230; ou presque pour rejoindre l&rsquo;itin\u00e9raire historique. Vous trouverez ci-dessous les cartes r\u00e9gionales.<\/strong><\/h4><\/div>\n\t\t\t\t<\/div>\n\t\t\t\t<\/div>\n\t\t\t\t\t\t<\/div>\n\t\t\t<\/div>\n\t\t<\/div>\n\t\t\t\t<div class=\"elementor-element elementor-element-6b2c401 elementor-column elementor-col-33 elementor-top-column\" data-id=\"6b2c401\" data-element_type=\"column\">\n\t\t\t<div class=\"elementor-column-wrap\">\n\t\t\t\t\t<div class=\"elementor-widget-wrap\">\n\t\t\t\t\t\t<\/div>\n\t\t\t<\/div>\n\t\t<\/div>\n\t\t\t\t\t\t<\/div>\n\t\t\t<\/div>\n\t\t<\/section>\n\t\t\t\t<section class=\"elementor-element elementor-element-354565e elementor-section-stretched elementor-section-boxed elementor-section-height-default elementor-section-height-default elementor-section elementor-top-section\" data-id=\"354565e\" data-element_type=\"section\" data-settings=\"{&quot;stretch_section&quot;:&quot;section-stretched&quot;}\">\n\t\t\t\t\t\t<div class=\"elementor-container elementor-column-gap-default\">\n\t\t\t\t<div class=\"elementor-row\">\n\t\t\t\t<div class=\"elementor-element elementor-element-2df5fc9 elementor-column elementor-col-33 elementor-top-column\" data-id=\"2df5fc9\" data-element_type=\"column\">\n\t\t\t<div class=\"elementor-column-wrap\">\n\t\t\t\t\t<div class=\"elementor-widget-wrap\">\n\t\t\t\t\t\t<\/div>\n\t\t\t<\/div>\n\t\t<\/div>\n\t\t\t\t<div class=\"elementor-element elementor-element-60f4c2b elementor-column elementor-col-33 elementor-top-column\" data-id=\"60f4c2b\" data-element_type=\"column\">\n\t\t\t<div class=\"elementor-column-wrap  elementor-element-populated\">\n\t\t\t\t\t<div class=\"elementor-widget-wrap\">\n\t\t\t\t<div class=\"elementor-element elementor-element-3140475 elementor-widget elementor-widget-image\" data-id=\"3140475\" data-element_type=\"widget\" data-widget_type=\"image.default\">\n\t\t\t\t<div class=\"elementor-widget-container\">\n\t\t\t\t\t<div class=\"elementor-image\">\n\t\t\t\t\t\t\t<figure class=\"wp-caption\">\n\t\t\t\t\t\t\t\t\t\t<img src=\"https:\/\/www.compostelle-mayenne.fr\/wp-content\/uploads\/2025\/11\/Carte-Mayenne-11.2025.jpg\" title=\"Carte-Mayenne-11.2025\" alt=\"Carte-Mayenne-11.2025\" \/>\t\t\t\t\t\t\t\t\t\t\t<figcaption class=\"widget-image-caption wp-caption-text\">Laval - Chef-lieu du d\u00e9partement<\/figcaption>\n\t\t\t\t\t\t\t\t\t\t<\/figure>\n\t\t\t\t\t<\/div>\n\t\t\t\t<\/div>\n\t\t\t\t<\/div>\n\t\t\t\t\t\t<\/div>\n\t\t\t<\/div>\n\t\t<\/div>\n\t\t\t\t<div class=\"elementor-element elementor-element-14029c1 elementor-column elementor-col-33 elementor-top-column\" data-id=\"14029c1\" data-element_type=\"column\">\n\t\t\t<div class=\"elementor-column-wrap\">\n\t\t\t\t\t<div class=\"elementor-widget-wrap\">\n\t\t\t\t\t\t<\/div>\n\t\t\t<\/div>\n\t\t<\/div>\n\t\t\t\t\t\t<\/div>\n\t\t\t<\/div>\n\t\t<\/section>\n\t\t\t\t<section class=\"elementor-element elementor-element-1ac3169 elementor-section-stretched elementor-section-boxed elementor-section-height-default elementor-section-height-default elementor-section elementor-top-section\" data-id=\"1ac3169\" data-element_type=\"section\" data-settings=\"{&quot;stretch_section&quot;:&quot;section-stretched&quot;}\">\n\t\t\t\t\t\t<div class=\"elementor-container elementor-column-gap-default\">\n\t\t\t\t<div class=\"elementor-row\">\n\t\t\t\t<div class=\"elementor-element elementor-element-01af795 elementor-column elementor-col-100 elementor-top-column\" data-id=\"01af795\" data-element_type=\"column\">\n\t\t\t<div class=\"elementor-column-wrap  elementor-element-populated\">\n\t\t\t\t\t<div class=\"elementor-widget-wrap\">\n\t\t\t\t<div class=\"elementor-element elementor-element-aef2e56 elementor-widget elementor-widget-image\" data-id=\"aef2e56\" data-element_type=\"widget\" data-widget_type=\"image.default\">\n\t\t\t\t<div class=\"elementor-widget-container\">\n\t\t\t\t\t<div class=\"elementor-image\">\n\t\t\t\t\t\t\t\t\t\t<img width=\"822\" height=\"170\" src=\"https:\/\/www.compostelle-mayenne.fr\/wp-content\/uploads\/2025\/02\/Sans-titre-2.jpg\" class=\"attachment-large size-large\" alt=\"\" loading=\"lazy\" srcset=\"https:\/\/www.compostelle-mayenne.fr\/wp-content\/uploads\/2025\/02\/Sans-titre-2.jpg 822w, https:\/\/www.compostelle-mayenne.fr\/wp-content\/uploads\/2025\/02\/Sans-titre-2-300x62.jpg 300w, https:\/\/www.compostelle-mayenne.fr\/wp-content\/uploads\/2025\/02\/Sans-titre-2-768x159.jpg 768w\" sizes=\"(max-width: 822px) 100vw, 822px\" \/>\t\t\t\t\t\t\t\t\t\t\t<\/div>\n\t\t\t\t<\/div>\n\t\t\t\t<\/div>\n\t\t\t\t\t\t<\/div>\n\t\t\t<\/div>\n\t\t<\/div>\n\t\t\t\t\t\t<\/div>\n\t\t\t<\/div>\n\t\t<\/section>\n\t\t\t\t<section class=\"elementor-element elementor-element-3aa28bf elementor-section-stretched elementor-section-boxed elementor-section-height-default elementor-section-height-default elementor-section elementor-top-section\" data-id=\"3aa28bf\" data-element_type=\"section\" data-settings=\"{&quot;stretch_section&quot;:&quot;section-stretched&quot;}\">\n\t\t\t\t\t\t<div class=\"elementor-container elementor-column-gap-default\">\n\t\t\t\t<div class=\"elementor-row\">\n\t\t\t\t<div class=\"elementor-element elementor-element-8b1aa0a elementor-column elementor-col-33 elementor-top-column\" data-id=\"8b1aa0a\" data-element_type=\"column\">\n\t\t\t<div class=\"elementor-column-wrap  elementor-element-populated\">\n\t\t\t\t\t<div class=\"elementor-widget-wrap\">\n\t\t\t\t<div class=\"elementor-element elementor-element-93eb797 elementor-widget elementor-widget-text-editor\" data-id=\"93eb797\" data-element_type=\"widget\" data-widget_type=\"text-editor.default\">\n\t\t\t\t<div class=\"elementor-widget-container\">\n\t\t\t\t\t<div class=\"elementor-text-editor elementor-clearfix\"><h3 style=\"text-align: center;\"><span style=\"color: #ffff00;\"><strong>Liaisons<\/strong><strong>\u00a0 vers\u00a0 <\/strong><strong>l&rsquo;Itin\u00e9raire\u00a0 <\/strong><strong>Culturel\u00a0 <\/strong><strong>Europ\u00e9en\u00a0 &#8211;\u00a0 Chemins de Saint-Jacques-de-Compostelle<\/strong><\/span><\/h3><\/div>\n\t\t\t\t<\/div>\n\t\t\t\t<\/div>\n\t\t\t\t<div class=\"elementor-element elementor-element-259738c elementor-widget elementor-widget-text-editor\" data-id=\"259738c\" data-element_type=\"widget\" data-widget_type=\"text-editor.default\">\n\t\t\t\t<div class=\"elementor-widget-container\">\n\t\t\t\t\t<div class=\"elementor-text-editor elementor-clearfix\"><h5 style=\"text-align: center;\"><a href=\"https:\/\/www.compostelle-mayenne.fr\/index.php\/mont-st-michel-tours\/\" target=\"_blank\" rel=\"noopener\"><span style=\"text-decoration: underline;\"><strong>Du Mont-Saint-Michel par la voie de Tours dit \u00ab\u00a0Chemin Montois\u00a0\u00bb<\/strong><\/span><\/a><\/h5><h5 style=\"text-align: center;\"><a href=\"https:\/\/www.compostelle-mayenne.fr\/index.php\/mont-st-michel-angers-st-jean-dangely\/\" target=\"_blank\" rel=\"noopener\"><span style=\"text-decoration: underline;\"><strong>Du Mont-Saint-Michel par le chemin d&rsquo;Angers et la voie des Plantagen\u00eat<\/strong><\/span><\/a><\/h5><h5 style=\"text-align: center;\"><span style=\"text-decoration: underline;\"><a href=\"https:\/\/www.compostelle-mayenne.fr\/index.php\/la-voie-des-plantagenet\/\" target=\"_blank\" rel=\"noopener\"><strong>Du Mont-Saint-Michel par la voie des Plantagen\u00eat<\/strong><\/a><\/span><\/h5><\/div>\n\t\t\t\t<\/div>\n\t\t\t\t<\/div>\n\t\t\t\t\t\t<\/div>\n\t\t\t<\/div>\n\t\t<\/div>\n\t\t\t\t<div class=\"elementor-element elementor-element-56980fc elementor-column elementor-col-33 elementor-top-column\" data-id=\"56980fc\" data-element_type=\"column\">\n\t\t\t<div class=\"elementor-column-wrap  elementor-element-populated\">\n\t\t\t\t\t<div class=\"elementor-widget-wrap\">\n\t\t\t\t<div class=\"elementor-element elementor-element-af8fcff elementor-widget elementor-widget-text-editor\" data-id=\"af8fcff\" data-element_type=\"widget\" data-widget_type=\"text-editor.default\">\n\t\t\t\t<div class=\"elementor-widget-container\">\n\t\t\t\t\t<div class=\"elementor-text-editor elementor-clearfix\"><h3 style=\"text-align: center;\"><span style=\"color: #ffffff;\"><a style=\"color: #ffffff;\" href=\"https:\/\/www.compostelle-mayenne.fr\/index.php\/chemins-vers-le-mont-st-michel\/\" target=\"_blank\" rel=\"noopener\"><strong>Liaisons vers l&rsquo;Itin\u00e9raire Culturel Europ\u00e9en\u00a0 <\/strong><\/a><\/span><\/h3><h3 style=\"text-align: center;\"><span style=\"color: #ffffff;\"><a style=\"color: #ffffff;\" href=\"https:\/\/www.compostelle-mayenne.fr\/index.php\/chemins-vers-le-mont-st-michel\/\" target=\"_blank\" rel=\"noopener\"><strong>&#8211;\u00a0 Chemins du Mont-Saint-Michel<\/strong><\/a><\/span><\/h3><\/div>\n\t\t\t\t<\/div>\n\t\t\t\t<\/div>\n\t\t\t\t<div class=\"elementor-element elementor-element-391b6da elementor-widget elementor-widget-text-editor\" data-id=\"391b6da\" data-element_type=\"widget\" data-widget_type=\"text-editor.default\">\n\t\t\t\t<div class=\"elementor-widget-container\">\n\t\t\t\t\t<div class=\"elementor-text-editor elementor-clearfix\"><p>\u00a0&#8211; <a href=\"https:\/\/www.compostelle-mayenne.fr\/index.php\/angers-le-mont-via-pontmain\/\" target=\"_blank\" rel=\"noopener\"><span style=\"text-decoration: underline;\"><strong>Chemin d\u00b4Angers au Mont-Saint-Michel par Laval et Pontmain<\/strong><\/span><\/a><\/p><p style=\"text-align: center;\"><a href=\"https:\/\/www.compostelle-mayenne.fr\/index.php\/tours-le-mont-st-michel\/\" target=\"_blank\" rel=\"noopener\"><strong>\u00a0&#8211; <span style=\"text-decoration: underline;\">Chemin de Tours dit chemin Montois\u00a0 au Mont-Saint-Michel<\/span><\/strong><\/a><\/p><h5 style=\"text-align: center;\"><a href=\"http:\/\/www.compostelle-mayenne.fr\/wp-content\/uploads\/2025\/02\/Liaison-chemin-des-Plantagenet.pdf\" target=\"_blank\" rel=\"noopener\"><strong>&#8211;<\/strong><\/a><span style=\"text-decoration: underline;\"><a href=\"https:\/\/www.compostelle-mayenne.fr\/index.php\/mont-st-michel-st-jean-pied-de-port\/\" target=\"_blank\" rel=\"noopener\"><strong>Voie des Plantagen\u00eat venant d&rsquo;Angers au Mont-Saint-Michel<\/strong><\/a><\/span><\/h5><\/div>\n\t\t\t\t<\/div>\n\t\t\t\t<\/div>\n\t\t\t\t\t\t<\/div>\n\t\t\t<\/div>\n\t\t<\/div>\n\t\t\t\t<div class=\"elementor-element elementor-element-846808b elementor-column elementor-col-33 elementor-top-column\" data-id=\"846808b\" data-element_type=\"column\">\n\t\t\t<div class=\"elementor-column-wrap  elementor-element-populated\">\n\t\t\t\t\t<div class=\"elementor-widget-wrap\">\n\t\t\t\t<div class=\"elementor-element elementor-element-39fbac1 elementor-widget elementor-widget-text-editor\" data-id=\"39fbac1\" data-element_type=\"widget\" data-widget_type=\"text-editor.default\">\n\t\t\t\t<div class=\"elementor-widget-container\">\n\t\t\t\t\t<div class=\"elementor-text-editor elementor-clearfix\"><h3 style=\"text-align: center;\"><span style=\"color: #ffffff;\"><a style=\"color: #ffffff;\" href=\"https:\/\/www.compostelle-mayenne.fr\/wp-content\/uploads\/2025\/12\/2025-11-Liaison-chemin-St-Martin.pdf\" target=\"_blank\" rel=\"noopener\">Liaison<strong> vers l&rsquo;Itin\u00e9raire Culturel Europ\u00e9en\u00a0<\/strong><\/a><\/span><\/h3><h3 style=\"text-align: center;\"><span style=\"color: #ffffff;\">&#8211;\u00a0 Itin\u00e9raire Saint-Martin de Tours<\/span><\/h3><\/div>\n\t\t\t\t<\/div>\n\t\t\t\t<\/div>\n\t\t\t\t<div class=\"elementor-element elementor-element-8576f5a elementor-widget elementor-widget-text-editor\" data-id=\"8576f5a\" data-element_type=\"widget\" data-widget_type=\"text-editor.default\">\n\t\t\t\t<div class=\"elementor-widget-container\">\n\t\t\t\t\t<div class=\"elementor-text-editor elementor-clearfix\"><div>\u00a0<\/div><p style=\"text-align: center;\"><u><a href=\"https:\/\/www.compostelle-mayenne.fr\/index.php\/mayenne-tours-par-le-chemin-de-st-martin\/\" target=\"_blank\" rel=\"noopener\"><strong>Chemin de Saint-Martin-de-Tours<\/strong><\/a><\/u><\/p><\/div>\n\t\t\t\t<\/div>\n\t\t\t\t<\/div>\n\t\t\t\t\t\t<\/div>\n\t\t\t<\/div>\n\t\t<\/div>\n\t\t\t\t\t\t<\/div>\n\t\t\t<\/div>\n\t\t<\/section>\n\t\t\t\t<section class=\"elementor-element elementor-element-3b68497 elementor-section-full_width elementor-section-stretched elementor-section-height-default elementor-section-height-default elementor-section elementor-top-section\" data-id=\"3b68497\" data-element_type=\"section\" data-settings=\"{&quot;stretch_section&quot;:&quot;section-stretched&quot;}\">\n\t\t\t\t\t\t<div class=\"elementor-container elementor-column-gap-default\">\n\t\t\t\t<div class=\"elementor-row\">\n\t\t\t\t<div class=\"elementor-element elementor-element-4d89727 elementor-column elementor-col-33 elementor-top-column\" data-id=\"4d89727\" data-element_type=\"column\">\n\t\t\t<div class=\"elementor-column-wrap  elementor-element-populated\">\n\t\t\t\t\t<div class=\"elementor-widget-wrap\">\n\t\t\t\t<div class=\"elementor-element elementor-element-602067b elementor-align-justify elementor-widget elementor-widget-button\" data-id=\"602067b\" data-element_type=\"widget\" data-widget_type=\"button.default\">\n\t\t\t\t<div class=\"elementor-widget-container\">\n\t\t\t\t\t<div class=\"elementor-button-wrapper\">\n\t\t\t<a href=\"http:\/\/www.compostelle-mayenne.fr\/\" class=\"elementor-button-link elementor-button elementor-size-lg\" role=\"button\">\n\t\t\t\t\t\t<span class=\"elementor-button-content-wrapper\">\n\t\t\t\t\t\t<span class=\"elementor-button-text\">Revenir au menu<\/span>\n\t\t<\/span>\n\t\t\t\t\t<\/a>\n\t\t<\/div>\n\t\t\t\t<\/div>\n\t\t\t\t<\/div>\n\t\t\t\t\t\t<\/div>\n\t\t\t<\/div>\n\t\t<\/div>\n\t\t\t\t<div class=\"elementor-element elementor-element-04f9892 elementor-column elementor-col-33 elementor-top-column\" data-id=\"04f9892\" data-element_type=\"column\">\n\t\t\t<div class=\"elementor-column-wrap  elementor-element-populated\">\n\t\t\t\t\t<div class=\"elementor-widget-wrap\">\n\t\t\t\t<div class=\"elementor-element elementor-element-93dca39 elementor-align-justify elementor-widget elementor-widget-button\" data-id=\"93dca39\" data-element_type=\"widget\" data-widget_type=\"button.default\">\n\t\t\t\t<div class=\"elementor-widget-container\">\n\t\t\t\t\t<div class=\"elementor-button-wrapper\">\n\t\t\t<a href=\"http:\/\/www.compostelle-mayenne.fr\/index.php\/pratique\/\/\" class=\"elementor-button-link elementor-button elementor-size-lg\" role=\"button\">\n\t\t\t\t\t\t<span class=\"elementor-button-content-wrapper\">\n\t\t\t\t\t\t<span class=\"elementor-button-text\">Pratique<\/span>\n\t\t<\/span>\n\t\t\t\t\t<\/a>\n\t\t<\/div>\n\t\t\t\t<\/div>\n\t\t\t\t<\/div>\n\t\t\t\t\t\t<\/div>\n\t\t\t<\/div>\n\t\t<\/div>\n\t\t\t\t<div class=\"elementor-element elementor-element-828f639 elementor-column elementor-col-33 elementor-top-column\" data-id=\"828f639\" data-element_type=\"column\">\n\t\t\t<div class=\"elementor-column-wrap  elementor-element-populated\">\n\t\t\t\t\t<div class=\"elementor-widget-wrap\">\n\t\t\t\t<div class=\"elementor-element elementor-element-f0145cc elementor-align-justify elementor-widget elementor-widget-button\" data-id=\"f0145cc\" data-element_type=\"widget\" data-widget_type=\"button.default\">\n\t\t\t\t<div class=\"elementor-widget-container\">\n\t\t\t\t\t<div class=\"elementor-button-wrapper\">\n\t\t\t<a href=\"http:\/\/www.compostelle-mayenne.fr\/index.php\/hebergement\/\" class=\"elementor-button-link elementor-button elementor-size-lg\" role=\"button\">\n\t\t\t\t\t\t<span class=\"elementor-button-content-wrapper\">\n\t\t\t\t\t\t<span class=\"elementor-button-text\">H\u00e9bergements<\/span>\n\t\t<\/span>\n\t\t\t\t\t<\/a>\n\t\t<\/div>\n\t\t\t\t<\/div>\n\t\t\t\t<\/div>\n\t\t\t\t\t\t<\/div>\n\t\t\t<\/div>\n\t\t<\/div>\n\t\t\t\t\t\t<\/div>\n\t\t\t<\/div>\n\t\t<\/section>\n\t\t\t\t\t\t<\/div>\n\t\t\t<\/div>\n\t\t<\/div>\n\t\t","protected":false},"excerpt":{"rendered":"<p>Parfait ! Votre choix est fait. Maintenant trouvez le chemin qui passe pr\u00e8s de chez vous&#8230; ou presque pour rejoindre l&rsquo;itin\u00e9raire historique. Vous trouverez ci-dessous les cartes r\u00e9gionales. Laval &#8211; Chef-lieu du d\u00e9partement Liaisons\u00a0 vers\u00a0 l&rsquo;Itin\u00e9raire\u00a0 Culturel\u00a0 Europ\u00e9en\u00a0 &#8211;\u00a0 Chemins de Saint-Jacques-de-Compostelle Du Mont-Saint-Michel par la voie de Tours dit \u00ab\u00a0Chemin Montois\u00a0\u00bb Du Mont-Saint-Michel par [&hellip;]<\/p>\n","protected":false},"author":1,"featured_media":0,"parent":0,"menu_order":0,"comment_status":"closed","ping_status":"closed","template":"","meta":[],"_links":{"self":[{"href":"https:\/\/www.compostelle-mayenne.fr\/index.php\/wp-json\/wp\/v2\/pages\/500"}],"collection":[{"href":"https:\/\/www.compostelle-mayenne.fr\/index.php\/wp-json\/wp\/v2\/pages"}],"about":[{"href":"https:\/\/www.compostelle-mayenne.fr\/index.php\/wp-json\/wp\/v2\/types\/page"}],"author":[{"embeddable":true,"href":"https:\/\/www.compostelle-mayenne.fr\/index.php\/wp-json\/wp\/v2\/users\/1"}],"replies":[{"embeddable":true,"href":"https:\/\/www.compostelle-mayenne.fr\/index.php\/wp-json\/wp\/v2\/comments?post=500"}],"version-history":[{"count":140,"href":"https:\/\/www.compostelle-mayenne.fr\/index.php\/wp-json\/wp\/v2\/pages\/500\/revisions"}],"predecessor-version":[{"id":13936,"href":"https:\/\/www.compostelle-mayenne.fr\/index.php\/wp-json\/wp\/v2\/pages\/500\/revisions\/13936"}],"wp:attachment":[{"href":"https:\/\/www.compostelle-mayenne.fr\/index.php\/wp-json\/wp\/v2\/media?parent=500"}],"curies":[{"name":"wp","href":"https:\/\/api.w.org\/{rel}","templated":true}]}}