{"id":6119,"date":"2021-07-20T21:40:52","date_gmt":"2021-07-20T19:40:52","guid":{"rendered":"http:\/\/www.compostelle-mayenne.fr\/?page_id=6119"},"modified":"2025-12-05T22:30:43","modified_gmt":"2025-12-05T21:30:43","slug":"actualite-des-chemins","status":"publish","type":"page","link":"https:\/\/www.compostelle-mayenne.fr\/index.php\/actualite-des-chemins\/","title":{"rendered":"Hospitaliers et permanenciers"},"content":{"rendered":"\t\t<div data-elementor-type=\"wp-page\" data-elementor-id=\"6119\" class=\"elementor elementor-6119\" data-elementor-settings=\"[]\">\n\t\t\t<div class=\"elementor-inner\">\n\t\t\t\t<div class=\"elementor-section-wrap\">\n\t\t\t\t\t\t\t<section class=\"elementor-element elementor-element-035aef6 elementor-section-stretched elementor-section-boxed elementor-section-height-default elementor-section-height-default elementor-section elementor-top-section\" data-id=\"035aef6\" data-element_type=\"section\" data-settings=\"{&quot;stretch_section&quot;:&quot;section-stretched&quot;}\">\n\t\t\t\t\t\t<div class=\"elementor-container elementor-column-gap-default\">\n\t\t\t\t<div class=\"elementor-row\">\n\t\t\t\t<div class=\"elementor-element elementor-element-6f53d09 elementor-column elementor-col-100 elementor-top-column\" data-id=\"6f53d09\" data-element_type=\"column\">\n\t\t\t<div class=\"elementor-column-wrap  elementor-element-populated\">\n\t\t\t\t\t<div class=\"elementor-widget-wrap\">\n\t\t\t\t<div class=\"elementor-element elementor-element-ae55098 elementor-widget elementor-widget-text-editor\" data-id=\"ae55098\" data-element_type=\"widget\" data-widget_type=\"text-editor.default\">\n\t\t\t\t<div class=\"elementor-widget-container\">\n\t\t\t\t\t<div class=\"elementor-text-editor elementor-clearfix\"><p><b>2026<\/b><\/p><\/div>\n\t\t\t\t<\/div>\n\t\t\t\t<\/div>\n\t\t\t\t\t\t<\/div>\n\t\t\t<\/div>\n\t\t<\/div>\n\t\t\t\t\t\t<\/div>\n\t\t\t<\/div>\n\t\t<\/section>\n\t\t\t\t<section class=\"elementor-element elementor-element-a82af18 elementor-section-stretched elementor-section-boxed elementor-section-height-default elementor-section-height-default elementor-section elementor-top-section\" data-id=\"a82af18\" data-element_type=\"section\" data-settings=\"{&quot;stretch_section&quot;:&quot;section-stretched&quot;}\">\n\t\t\t\t\t\t<div class=\"elementor-container elementor-column-gap-default\">\n\t\t\t\t<div class=\"elementor-row\">\n\t\t\t\t<div class=\"elementor-element elementor-element-1349780 elementor-column elementor-col-100 elementor-top-column\" data-id=\"1349780\" data-element_type=\"column\">\n\t\t\t<div class=\"elementor-column-wrap  elementor-element-populated\">\n\t\t\t\t\t<div class=\"elementor-widget-wrap\">\n\t\t\t\t<div class=\"elementor-element elementor-element-2087b12 elementor-widget elementor-widget-text-editor\" data-id=\"2087b12\" data-element_type=\"widget\" data-widget_type=\"text-editor.default\">\n\t\t\t\t<div class=\"elementor-widget-container\">\n\t\t\t\t\t<div class=\"elementor-text-editor elementor-clearfix\"><p><strong>Contribuer au bien-\u00eatre des p\u00e8lerins : Devenir hospitalier<\/strong><\/p><p>Accueillir le p\u00e8lerin le soir au terme de son \u00e9tape, tenir le g\u00eete ou l\u00b4<i>albergue, <\/i>faire le m\u00e9nage, souvent pr\u00e9parer d\u00eener et petit-d\u00e9jeuner, se soucier des p\u00e8lerins, rendre un peu de ce qui nous a \u00e9t\u00e9 donn\u00e9 quand nous \u00e9tions en route.<\/p><p>Vous avez le projet de devenir hospitalier ou hospitali\u00e8re&#8230;<\/p><p>Faites- vous conna\u00eetre aupr\u00e8s de <a href=\"mailto:compostelle53.autreschemins@gmail.com\" target=\"_blank\" rel=\"noopener\"><strong><span style=\"text-decoration: underline;\">notre association<\/span><\/strong><\/a> si ce projet m\u00fbrit. Ce premier contact n\u2019a pas valeur d\u2019inscription.<\/p><p>Quelques <span style=\"text-decoration: underline;\"><a href=\"http:\/\/www.compostelle-mayenne.fr\/wp-content\/uploads\/2024\/01\/Hospitalite-debut-2024-v1.pdf\" target=\"_blank\" rel=\"noopener\">g\u00eetes associatifs<\/a><\/span> recherchent des hospitaliers pour 2026.<\/p><p>Des liens seront peu \u00e0 peu mis \u00e0 jour pour 2026 : <a href=\"https:\/\/www.compostelle.fr\/accueil-hebergement\/accueils-et-hebergements-de-notre-association\/\" target=\"_blank\" rel=\"noopener\"><span style=\"text-decoration: underline;\">Au coeur du Chemin<\/span><\/a>, <a href=\"https:\/\/www.hospitaliers-st-jacques.fr\/\" target=\"_blank\" rel=\"noopener\"><span style=\"text-decoration: underline;\">Hospitaliers Saint-Jacques<\/span><\/a>, <span style=\"text-decoration: underline;\"><a href=\"https:\/\/www.webcompostella.com\/apres\/devenir-hospitalier\/\" target=\"_blank\" rel=\"noopener\">Webcompostella<\/a><\/span><a href=\"https:\/\/www.webcompostella.com\/apres\/devenir-hospitalier\/\" target=\"_blank\" rel=\"noopener\">&#8230;<\/a><\/p><\/div>\n\t\t\t\t<\/div>\n\t\t\t\t<\/div>\n\t\t\t\t\t\t<\/div>\n\t\t\t<\/div>\n\t\t<\/div>\n\t\t\t\t\t\t<\/div>\n\t\t\t<\/div>\n\t\t<\/section>\n\t\t\t\t<section class=\"elementor-element elementor-element-4aa5fc8 elementor-section-stretched elementor-section-boxed elementor-section-height-default elementor-section-height-default elementor-section elementor-top-section\" data-id=\"4aa5fc8\" data-element_type=\"section\" data-settings=\"{&quot;stretch_section&quot;:&quot;section-stretched&quot;}\">\n\t\t\t\t\t\t<div class=\"elementor-container elementor-column-gap-default\">\n\t\t\t\t<div class=\"elementor-row\">\n\t\t\t\t<div class=\"elementor-element elementor-element-ff0dbc0 elementor-column elementor-col-100 elementor-top-column\" data-id=\"ff0dbc0\" data-element_type=\"column\">\n\t\t\t<div class=\"elementor-column-wrap  elementor-element-populated\">\n\t\t\t\t\t<div class=\"elementor-widget-wrap\">\n\t\t\t\t<div class=\"elementor-element elementor-element-6f01b6c elementor-widget elementor-widget-text-editor\" data-id=\"6f01b6c\" data-element_type=\"widget\" data-widget_type=\"text-editor.default\">\n\t\t\t\t<div class=\"elementor-widget-container\">\n\t\t\t\t\t<div class=\"elementor-text-editor elementor-clearfix\"><p><strong>Accueil p\u00e8lerin \u00e0 Tours<\/strong><\/p><p>Un accueil p\u00e8lerin vient d\u00b4ouvrir au pied de la Basilique Saint Martin de Tours, et recherche des hospitaliers. En tant que voisins, nous sommes particuli\u00e8rement concern\u00e9s.<\/p><blockquote><div><b>Maison Saint Ambroise de Tours\u00a0<\/b><\/div><div><a href=\"https:\/\/maisonsaintambroise.fr\/devenir-hospitalier\/\" target=\"_blank\" rel=\"noopener\" data-saferedirecturl=\"https:\/\/www.google.com\/url?q=https:\/\/maisonsaintambroise.fr\/devenir-hospitalier\/&amp;source=gmail&amp;ust=1755277704314000&amp;usg=AOvVaw1A-uchEK93Fqwl_asIYFoe\"><span style=\"text-decoration: underline;\">https:\/\/maisonsaintambroise.<wbr \/>fr\/devenir-hospitalier\/<\/span><\/a><\/div><\/blockquote><blockquote><div>Hospitaliers du 15 mars au 31 octobre g\u00e9r\u00e9s par l&rsquo;association Chemins de Compostelle en Touraine\u00a0<\/div><div>T\u00e9l.07 70 63 10 00<\/div><div>adresse mail : <a href=\"mailto:hospitaliers.compostelle.37@gmail.com\" target=\"_blank\" rel=\"noopener\">hospitaliers.compostelle.37@<wbr \/>gmail.com<\/a><\/div><div>\u00a0<\/div><\/blockquote><p>\u00a0<\/p><\/div>\n\t\t\t\t<\/div>\n\t\t\t\t<\/div>\n\t\t\t\t\t\t<\/div>\n\t\t\t<\/div>\n\t\t<\/div>\n\t\t\t\t\t\t<\/div>\n\t\t\t<\/div>\n\t\t<\/section>\n\t\t\t\t<section class=\"elementor-element elementor-element-c79bd36 elementor-section-stretched elementor-section-boxed elementor-section-height-default elementor-section-height-default elementor-section elementor-top-section\" data-id=\"c79bd36\" data-element_type=\"section\" data-settings=\"{&quot;stretch_section&quot;:&quot;section-stretched&quot;}\">\n\t\t\t\t\t\t<div class=\"elementor-container elementor-column-gap-default\">\n\t\t\t\t<div class=\"elementor-row\">\n\t\t\t\t<div class=\"elementor-element elementor-element-b4c82b0 elementor-column elementor-col-100 elementor-top-column\" data-id=\"b4c82b0\" data-element_type=\"column\">\n\t\t\t<div class=\"elementor-column-wrap  elementor-element-populated\">\n\t\t\t\t\t<div class=\"elementor-widget-wrap\">\n\t\t\t\t<div class=\"elementor-element elementor-element-4e50f27 elementor-widget elementor-widget-text-editor\" data-id=\"4e50f27\" data-element_type=\"widget\" data-widget_type=\"text-editor.default\">\n\t\t\t\t<div class=\"elementor-widget-container\">\n\t\t\t\t\t<div class=\"elementor-text-editor elementor-clearfix\"><p><strong>Association des Amis de Saint Jacques du Velay<\/strong><\/p><p>Elle fait appel \u00e0 des membres d\u2019autres associations des amis de Saint Jacques pour assurer cette <span style=\"text-decoration: underline; color: #ff0000;\"><a style=\"color: #ff0000; text-decoration: underline;\" href=\"http:\/\/www.compostelle-mayenne.fr\/wp-content\/uploads\/2025\/02\/Mot-daccueil-2025.pdf\" target=\"_blank\" rel=\"noopener\">mission d&rsquo;accueil au Puy en Velay<\/a><\/span>.<\/p><p>Les volontaires sont invit\u00e9s \u00e0 contacter le Grand S\u00e9minaire Saint Georges au Puy-en-Velay. Cet h\u00e9bergement, id\u00e9alement situ\u00e9 \u00e0 proximit\u00e9 imm\u00e9diate du Camino, du g\u00eete le Relais de Saint-Jacques et de la cath\u00e9drale, offre un cadre paisible et propice \u00e0 la pr\u00e9paration de cette exp\u00e9rience.<\/p><p>Informations et r\u00e9servation :<\/p><ul><li>Grand S\u00e9minaire Saint Georges :<ul><li>Adresse e-mail : <span style=\"text-decoration: underline;\"><a href=\"https:\/\/www.cathedraledupuy.org\/grand-seminaire-saint-georges-au-coeur-du-puy\/nous-contacter\" target=\"_blank\" rel=\"noopener\">accueil@grandseminaire43.fr<\/a><\/span><\/li><li>T\u00e9l\u00e9phone : 04 71 09 93 10<\/li><li>R\u00e9servation obligatoire par mail<\/li><\/ul><\/li><\/ul><\/div>\n\t\t\t\t<\/div>\n\t\t\t\t<\/div>\n\t\t\t\t\t\t<\/div>\n\t\t\t<\/div>\n\t\t<\/div>\n\t\t\t\t\t\t<\/div>\n\t\t\t<\/div>\n\t\t<\/section>\n\t\t\t\t<section class=\"elementor-element elementor-element-10ba7ba elementor-section-stretched elementor-section-boxed elementor-section-height-default elementor-section-height-default elementor-section elementor-top-section\" data-id=\"10ba7ba\" data-element_type=\"section\" data-settings=\"{&quot;stretch_section&quot;:&quot;section-stretched&quot;}\">\n\t\t\t\t\t\t<div class=\"elementor-container elementor-column-gap-default\">\n\t\t\t\t<div class=\"elementor-row\">\n\t\t\t\t<div class=\"elementor-element elementor-element-9d343ea elementor-column elementor-col-100 elementor-top-column\" data-id=\"9d343ea\" data-element_type=\"column\">\n\t\t\t<div class=\"elementor-column-wrap  elementor-element-populated\">\n\t\t\t\t\t<div class=\"elementor-widget-wrap\">\n\t\t\t\t<div class=\"elementor-element elementor-element-6a9b9bc elementor-widget elementor-widget-text-editor\" data-id=\"6a9b9bc\" data-element_type=\"widget\" data-widget_type=\"text-editor.default\">\n\t\t\t\t<div class=\"elementor-widget-container\">\n\t\t\t\t\t<div class=\"elementor-text-editor elementor-clearfix\"><p><strong>Permanences \u00e0 St-Jean-Pied-de-Port<\/strong><\/p><p><a href=\"https:\/\/www.compostelle.fr\/hebergements-285\/accueils-et-hebergements-de-notre-association\/accueil-saint-jacques-a-saint-jean-pied-de-port\/article\/charte-des-accueuillants\" target=\"_blank\" rel=\"noopener\"><span style=\"text-decoration: underline;\">Devenez accueillant Hospitalier \u00e0 St Jean-Pied-de-Po<\/span><\/a><a href=\"https:\/\/www.compostelle-france.fr\/wp-content\/uploads\/2021\/11\/Devenez-accueillants.pdf\" target=\"_blank\" rel=\"noopener\"><span style=\"text-decoration: underline;\">rt<\/span>.<\/a> L\u00e0 aussi c&rsquo;est une mission d\u00b4information. Il s&rsquo;agit aussi d&rsquo;aider les arrivants \u00e0 se loger avant le grand d\u00e9part pour Roncevaux, leur procurer la credencial et des conseils pour l&rsquo;Espagne.<\/p><\/div>\n\t\t\t\t<\/div>\n\t\t\t\t<\/div>\n\t\t\t\t\t\t<\/div>\n\t\t\t<\/div>\n\t\t<\/div>\n\t\t\t\t\t\t<\/div>\n\t\t\t<\/div>\n\t\t<\/section>\n\t\t\t\t<section class=\"elementor-element elementor-element-388c5e4 elementor-section-stretched elementor-section-boxed elementor-section-height-default elementor-section-height-default elementor-section elementor-top-section\" data-id=\"388c5e4\" data-element_type=\"section\" data-settings=\"{&quot;stretch_section&quot;:&quot;section-stretched&quot;}\">\n\t\t\t\t\t\t<div class=\"elementor-container elementor-column-gap-default\">\n\t\t\t\t<div class=\"elementor-row\">\n\t\t\t\t<div class=\"elementor-element elementor-element-e5c60b0 elementor-column elementor-col-100 elementor-top-column\" data-id=\"e5c60b0\" data-element_type=\"column\">\n\t\t\t<div class=\"elementor-column-wrap  elementor-element-populated\">\n\t\t\t\t\t<div class=\"elementor-widget-wrap\">\n\t\t\t\t<div class=\"elementor-element elementor-element-bd3426c elementor-widget elementor-widget-text-editor\" data-id=\"bd3426c\" data-element_type=\"widget\" data-widget_type=\"text-editor.default\">\n\t\t\t\t<div class=\"elementor-widget-container\">\n\t\t\t\t\t<div class=\"elementor-text-editor elementor-clearfix\"><p><b>Permanences d\u00b4accueil chr\u00e9tien des p\u00e8lerins arrivant \u00e0 Santiago<\/b><\/p><p>Webcompostella recrute des b\u00e9n\u00e9voles pour l\u00b4Accueil francophone de Santiago, qui sera ouvert du\u00a0 15\u00a0 mai\u00a0 au 31\u00a0 octobre\u00a0 2026. Accueil chr\u00e9tien, ce site de conseils pratiques et d\u2019\u00e9clairages spirituels est ouvert \u00e0 tout p\u00e8lerin arrivant \u00e0 Santiago. <a href=\"http:\/\/www.compostelle-mayenne.fr\/wp-content\/uploads\/2025\/12\/Accueil-Francophone-2026.pdf\" target=\"_blank\" rel=\"noopener\"><u>Plus de d\u00e9tails ici<\/u>.<\/a><\/p><ul><li>Notre \u00e9quipe se tient \u00e0 votre disposition tout au long de la journ\u00e9e soit dans notre local du centre d&rsquo;accueil des p\u00e8lerins, 33 rua das Carretas \/ 1\u00b0 \u00e9tage \/ centre d&rsquo;accueil des p\u00e8lerins, soit aux abords de la Cath\u00e9drale. Vous \u00eates notamment invit\u00e9s \u00e0 rencontrer les accueillants \u00e0 15 heures 30 dans notre local autour d\u2019un caf\u00e9 ou d\u2019un jus de fruit pour un temps d&rsquo;\u00e9change (en fran\u00e7ais) ouvert \u00e0 tous. Chacun pourra y partager son exp\u00e9rience du chemin avec, pour certains, sa dimension spirituelle car il est de coutume de dire que \u00ab\u00a0<strong>si on commence le chemin comme randonneur, on le termine souvent comme p\u00e8lerin \u2026\u00a0\u00bb<\/strong><\/li><\/ul><ul><li>Les accueillants vous donnent rendez-vous chaque jour \u00e0 18 h pour une visite spirituelle de l\u2019ext\u00e9rieur de la cath\u00e9drale, rendez vous au portail Nord.<br \/>Le programme de la journ\u00e9e en d\u00e9tail : <span style=\"text-decoration: underline;\"><a href=\"http:\/\/www.compostelle-mayenne.fr\/wp-content\/uploads\/2025\/04\/St_Jacques_A4.pdf\" target=\"_blank\" rel=\"noopener\" data-saferedirecturl=\"https:\/\/www.google.com\/url?q=https:\/\/email.webcompostella.com\/sl\/ff796b9996be47cb508097944aff6e886\/&amp;source=gmail&amp;ust=1647971989419000&amp;usg=AOvVaw1aY4VW5rqQcjbWIiZDhhj0\">Flyer-accueil<\/a><\/span>.<\/li><\/ul><\/div>\n\t\t\t\t<\/div>\n\t\t\t\t<\/div>\n\t\t\t\t\t\t<\/div>\n\t\t\t<\/div>\n\t\t<\/div>\n\t\t\t\t\t\t<\/div>\n\t\t\t<\/div>\n\t\t<\/section>\n\t\t\t\t<section class=\"elementor-element elementor-element-a9e4150 elementor-section-stretched elementor-section-boxed elementor-section-height-default elementor-section-height-default elementor-section elementor-top-section\" data-id=\"a9e4150\" data-element_type=\"section\" data-settings=\"{&quot;stretch_section&quot;:&quot;section-stretched&quot;}\">\n\t\t\t\t\t\t<div class=\"elementor-container elementor-column-gap-default\">\n\t\t\t\t<div class=\"elementor-row\">\n\t\t\t\t<div class=\"elementor-element elementor-element-39f778a elementor-column elementor-col-100 elementor-top-column\" data-id=\"39f778a\" data-element_type=\"column\">\n\t\t\t<div class=\"elementor-column-wrap  elementor-element-populated\">\n\t\t\t\t\t<div class=\"elementor-widget-wrap\">\n\t\t\t\t<div class=\"elementor-element elementor-element-3407b94 elementor-widget elementor-widget-image\" data-id=\"3407b94\" data-element_type=\"widget\" data-widget_type=\"image.default\">\n\t\t\t\t<div class=\"elementor-widget-container\">\n\t\t\t\t\t<div class=\"elementor-image\">\n\t\t\t\t\t\t\t\t\t\t\t<a href=\"http:\/\/www.compostelle-mayenne.fr\/index.php\/actualite-des-chemins\/\">\n\t\t\t\t\t\t\t<img src=\"https:\/\/www.compostelle-mayenne.fr\/wp-content\/uploads\/2022\/02\/Haut-de-page-e1768293316359.jpg\" title=\"Haut de page\" alt=\"Haut de page\" \/>\t\t\t\t\t\t\t\t<\/a>\n\t\t\t\t\t\t\t\t\t\t\t<\/div>\n\t\t\t\t<\/div>\n\t\t\t\t<\/div>\n\t\t\t\t\t\t<\/div>\n\t\t\t<\/div>\n\t\t<\/div>\n\t\t\t\t\t\t<\/div>\n\t\t\t<\/div>\n\t\t<\/section>\n\t\t\t\t\t\t<\/div>\n\t\t\t<\/div>\n\t\t<\/div>\n\t\t","protected":false},"excerpt":{"rendered":"<p>2026 Contribuer au bien-\u00eatre des p\u00e8lerins : Devenir hospitalier Accueillir le p\u00e8lerin le soir au terme de son \u00e9tape, tenir le g\u00eete ou l\u00b4albergue, faire le m\u00e9nage, souvent pr\u00e9parer d\u00eener et petit-d\u00e9jeuner, se soucier des p\u00e8lerins, rendre un peu de ce qui nous a \u00e9t\u00e9 donn\u00e9 quand nous \u00e9tions en route. Vous avez le projet [&hellip;]<\/p>\n","protected":false},"author":1,"featured_media":0,"parent":0,"menu_order":0,"comment_status":"closed","ping_status":"closed","template":"","meta":[],"_links":{"self":[{"href":"https:\/\/www.compostelle-mayenne.fr\/index.php\/wp-json\/wp\/v2\/pages\/6119"}],"collection":[{"href":"https:\/\/www.compostelle-mayenne.fr\/index.php\/wp-json\/wp\/v2\/pages"}],"about":[{"href":"https:\/\/www.compostelle-mayenne.fr\/index.php\/wp-json\/wp\/v2\/types\/page"}],"author":[{"embeddable":true,"href":"https:\/\/www.compostelle-mayenne.fr\/index.php\/wp-json\/wp\/v2\/users\/1"}],"replies":[{"embeddable":true,"href":"https:\/\/www.compostelle-mayenne.fr\/index.php\/wp-json\/wp\/v2\/comments?post=6119"}],"version-history":[{"count":98,"href":"https:\/\/www.compostelle-mayenne.fr\/index.php\/wp-json\/wp\/v2\/pages\/6119\/revisions"}],"predecessor-version":[{"id":13019,"href":"https:\/\/www.compostelle-mayenne.fr\/index.php\/wp-json\/wp\/v2\/pages\/6119\/revisions\/13019"}],"wp:attachment":[{"href":"https:\/\/www.compostelle-mayenne.fr\/index.php\/wp-json\/wp\/v2\/media?parent=6119"}],"curies":[{"name":"wp","href":"https:\/\/api.w.org\/{rel}","templated":true}]}}